{"id":881,"date":"2014-12-20T14:55:27","date_gmt":"2014-12-20T14:55:27","guid":{"rendered":"http:\/\/traenkhof-kapelle.de\/?page_id=881"},"modified":"2026-03-21T21:07:00","modified_gmt":"2026-03-21T21:07:00","slug":"herzlich-willkommen","status":"publish","type":"page","link":"http:\/\/traenkhof-kapelle.de\/","title":{"rendered":"Herzlich Willkommen auf unserer Homepage"},"content":{"rendered":"<h2><em><strong>Liebe Mitglieder, Freunde und G\u00f6nner der St.-Josefs-Kapelle am Tr\u00e4nkhof, auf den folgenden Seiten erhalten Sie viele Informationen rund um unsere wundersch\u00f6ne Kapelle in <a href=\"http:\/\/traenkhof-kapelle.de\/herzlich-willkommen\/img_4536\/\" rel=\"attachment wp-att-1488\"><img loading=\"lazy\" decoding=\"async\" class=\"alignleft wp-image-1488\" src=\"http:\/\/traenkhof-kapelle.de\/wp-content\/uploads\/2020\/06\/img_4536-225x300.jpg\" alt=\"\" width=\"318\" height=\"424\" srcset=\"http:\/\/traenkhof-kapelle.de\/wp-content\/uploads\/2020\/06\/img_4536-225x300.jpg 225w, http:\/\/traenkhof-kapelle.de\/wp-content\/uploads\/2020\/06\/img_4536.jpg 450w\" sizes=\"auto, (max-width: 318px) 100vw, 318px\" \/><\/a>Tr\u00e4nkhof, am Fu\u00dfe der Wasserkuppe.\u00a0 \u00a0 \u00a0 \u00a0 \u00a0 \u00a0 \u00a0 \u00a0 \u00a0Der V<\/strong><\/em><em><strong>ereinsvorstand freut sich sehr, wenn Sie bei Gelegenheit diesen besonderen Ort der Ruhe und Besinnung einmal aufsuchen. Verweilen Sie ein paar Minuten in unserer Kapelle &#8211; zum Innehalten und Kraft sch\u00f6pfen. W\u00e4hrend der Sommermonate ist die Kapelle t\u00e4glich von 10 Uhr bis 19 Uhr ge\u00f6ffnet. Mit der Zeitumstellung (Winterzeit) von 10 Uhr bis 18 Uhr.\u00a0 \u00a0 \u00a0 \u00a0 \u00a0 \u00a0 \u00a0 \u00a0 \u00a0 \u00a0 Andachten, Taufen und Hochzeiten d\u00fcrfen gerne in unserer kleinen Kapelle mitten in der Rh\u00f6n gefeiert werden. Kommen Sie f\u00fcr eine Reservierungsanfrage bitte auf die Vorstandsmitglieder zu. <\/strong><\/em><em><strong>Wir freuen uns nat\u00fcrlich sehr \u00fcber die zahlreiche Teilnahme unserer Mitglieder, Freunde und G\u00f6nner an den Veranstaltungen im Vereinsjahr der St.-Josefs-Kapelle Tr\u00e4nkhof e.V.\u00a0 \u00a0<\/strong><\/em><span style=\"color: #ff0000;\">\u00a0 \u00a0 \u00a0 \u00a0 \u00a0 \u00a0 \u00a0 \u00a0 \u00a0 \u00a0 \u00a0 \u00a0 \u00a0 \u00a0 \u00a0 \u00a0 \u00a0 \u00a0 \u00a0 \u00a0 \u00a0 \u00a0 \u00a0 \u00a0 \u00a0 \u00a0 \u00a0 \u00a0 \u00a0 \u00a0 \u00a0 \u00a0 \u00a0 \u00a0 \u00a0 \u00a0\u00a0<\/span><\/h2>\n<h2><strong><span style=\"color: #339966;\"><em>Aktuell sind diese Termine geplant:\u00a0 \u00a0<\/em><\/span><\/strong><\/h2>\n<h2>Sonntag, 12.07.2026: 10.30h Messe an der Kapelle, anschl. kleines Kapellenfest<\/h2>\n<p>&nbsp;<\/p>\n<p>&nbsp;<\/p>\n<p>&nbsp;<\/p>\n<h2><\/h2>\n<h2><\/h2>\n<p>&nbsp;<\/p>\n<h4><em>Liebe Mitglieder und Freunde der St.-Josefs-Kapelle Tr\u00e4nkhof e.V. , a<\/em><em>us datenschutzrechtlichen Gr\u00fcnden verzichten wir ab sofort auf die Ver\u00f6ffentlichung von Bildern und Artikeln, in denen Namen genannt oder Personen gezeigt werden, die vorab nicht explizit die Einwilligung zur Ver\u00f6ffentlichung der Daten gegeben haben. Zudem weisen wir darauf hin, dass der Vorplatz unserer Kapelle seit dem 20.05.2023 aus Sicherheitsgr\u00fcnden video\u00fcberwacht wird.<br \/>\n<\/em><\/h4>\n<h2><em><img decoding=\"async\" class=\"ngg_displayed_gallery mceItem\" src=\"http:\/\/traenkhof-kapelle.de\/nextgen-attach_to_post\/preview\/id--943\" alt=\"\" \/><\/em><\/h2>\n<h2><em>\u00a0<\/em><\/h2>\n<h2 style=\"text-align: left;\"><\/h2>\n<h2 style=\"text-align: left;\"><em><strong>\u00a0<\/strong><\/em><\/h2>\n<h2 style=\"text-align: center;\"><em><strong>\u00a0<\/strong><\/em><\/h2>\n<h2 style=\"text-align: center;\"><em>\u00a0<\/em><\/h2>\n","protected":false},"excerpt":{"rendered":"<p>Liebe Mitglieder, Freunde und G\u00f6nner der St.-Josefs-Kapelle am Tr\u00e4nkhof, auf den folgenden Seiten erhalten Sie viele Informationen rund um unsere wundersch\u00f6ne Kapelle in Tr\u00e4nkhof, am Fu\u00dfe der Wasserkuppe.\u00a0 \u00a0 \u00a0 \u00a0 \u00a0 \u00a0 \u00a0 \u00a0 \u00a0Der Vereinsvorstand freut sich sehr, wenn Sie bei Gelegenheit diesen besonderen Ort der Ruhe und Besinnung einmal aufsuchen. Verweilen Sie ein paar Minuten in unserer<br \/><span class=\"read_more\"><a href=\"http:\/\/traenkhof-kapelle.de\/\">Read more&#8230;<\/a><\/span><\/p>\n","protected":false},"author":1,"featured_media":0,"parent":0,"menu_order":0,"comment_status":"closed","ping_status":"closed","template":"","meta":{"_bbp_topic_count":0,"_bbp_reply_count":0,"_bbp_total_topic_count":0,"_bbp_total_reply_count":0,"_bbp_voice_count":0,"_bbp_anonymous_reply_count":0,"_bbp_topic_count_hidden":0,"_bbp_reply_count_hidden":0,"_bbp_forum_subforum_count":0,"footnotes":""},"class_list":["post-881","page","type-page","status-publish","hentry"],"jetpack_sharing_enabled":true,"_links":{"self":[{"href":"http:\/\/traenkhof-kapelle.de\/index.php\/wp-json\/wp\/v2\/pages\/881","targetHints":{"allow":["GET"]}}],"collection":[{"href":"http:\/\/traenkhof-kapelle.de\/index.php\/wp-json\/wp\/v2\/pages"}],"about":[{"href":"http:\/\/traenkhof-kapelle.de\/index.php\/wp-json\/wp\/v2\/types\/page"}],"author":[{"embeddable":true,"href":"http:\/\/traenkhof-kapelle.de\/index.php\/wp-json\/wp\/v2\/users\/1"}],"replies":[{"embeddable":true,"href":"http:\/\/traenkhof-kapelle.de\/index.php\/wp-json\/wp\/v2\/comments?post=881"}],"version-history":[{"count":0,"href":"http:\/\/traenkhof-kapelle.de\/index.php\/wp-json\/wp\/v2\/pages\/881\/revisions"}],"wp:attachment":[{"href":"http:\/\/traenkhof-kapelle.de\/index.php\/wp-json\/wp\/v2\/media?parent=881"}],"curies":[{"name":"wp","href":"https:\/\/api.w.org\/{rel}","templated":true}]}}